{"id":27188,"date":"2024-12-26T12:35:57","date_gmt":"2024-12-26T16:35:57","guid":{"rendered":"https:\/\/bikeskills.ca\/?post_type=listing&#038;p=27188"},"modified":"2025-01-28T15:20:38","modified_gmt":"2025-01-28T19:20:38","slug":"2025-bromont-montagne-de-bromont-p7-cours-de-velo-de-montagne-intermediaire-enduro","status":"publish","type":"listing","link":"https:\/\/bikeskills.ca\/fr\/listing\/2025-bromont-montagne-de-bromont-p7-cours-de-velo-de-montagne-intermediaire-enduro\/","title":{"rendered":"2025 &#8211; Bromont &#8211; Montagne de Bromont (P7) &#8211; Cours de v\u00e9lo de montagne Interm\u00e9diaire enduro"},"content":{"rendered":"<div data-elementor-type=\"wp-post\" data-elementor-id=\"27188\" class=\"elementor elementor-27188\" data-elementor-post-type=\"listing\">\n\t\t\t\t\t\t<section class=\"elementor-section elementor-top-section elementor-element elementor-element-77ac74d3 elementor-section-boxed elementor-section-height-default elementor-section-height-default\" data-id=\"77ac74d3\" data-element_type=\"section\" data-settings=\"{&quot;background_background&quot;:&quot;classic&quot;}\">\n\t\t\t\t\t\t<div class=\"elementor-container elementor-column-gap-default\">\n\t\t\t\t\t<div class=\"elementor-column elementor-col-100 elementor-top-column elementor-element elementor-element-33e2396e\" data-id=\"33e2396e\" data-element_type=\"column\">\n\t\t\t<div class=\"elementor-widget-wrap elementor-element-populated\">\n\t\t\t\t\t\t<div class=\"elementor-element elementor-element-4133b58b elementor-widget elementor-widget-heading\" data-id=\"4133b58b\" data-element_type=\"widget\" data-widget_type=\"heading.default\">\n\t\t\t\t<div class=\"elementor-widget-container\">\n\t\t\t\t\t<h1 class=\"elementor-heading-title elementor-size-default\">Clinique interm\u00e9diaire enduro \u00e0 la montagne de Bromont<br>La Farfadet et l'Hummus<\/h1>\t\t\t\t<\/div>\n\t\t\t\t<\/div>\n\t\t\t\t<div class=\"elementor-element elementor-element-5f166eb elementor-widget elementor-widget-heading\" data-id=\"5f166eb\" data-element_type=\"widget\" data-widget_type=\"heading.default\">\n\t\t\t\t<div class=\"elementor-widget-container\">\n\t\t\t\t\t<h2 class=\"elementor-heading-title elementor-size-default\">Progressez sur des sentiers signatures uniques et apprivoisez les sentiers techniques !<\/h2>\t\t\t\t<\/div>\n\t\t\t\t<\/div>\n\t\t\t\t<div class=\"elementor-element elementor-element-4b6d443f elementor-widget elementor-widget-heading\" data-id=\"4b6d443f\" data-element_type=\"widget\" data-widget_type=\"heading.default\">\n\t\t\t\t<div class=\"elementor-widget-container\">\n\t\t\t\t\t<h4 class=\"elementor-heading-title elementor-size-default\">Nous vous proposons cette clinique pour d\u00e9velopper une plus grande confiance dans les pistes interm\u00e9diaires. Vous progresserez rapidement gr\u00e2ce \u00e0 notre charte de progression technique unique.\n<br><br>\nLa Farfadet et l'Humus sont les pistes principales situ\u00e9es aux sommets du Mont Bernard et du Pic du Chevreuil dans les Parc des Sommets de Bromont. Ces sentiers signature comportent plusieurs d\u00e9fis qu'un interm\u00e9diaire est en mesure de r\u00e9aliser, \u00e0 condition d'avoir la bonne technique! Vous allez vivre une belle progression vers des sentiers progressivement plus techniques.<\/h4>\t\t\t\t<\/div>\n\t\t\t\t<\/div>\n\t\t\t\t<div class=\"elementor-element elementor-element-1a958705 elementor-widget elementor-widget-toggle\" data-id=\"1a958705\" data-element_type=\"widget\" data-widget_type=\"toggle.default\">\n\t\t\t\t<div class=\"elementor-widget-container\">\n\t\t\t\t\t\t\t<div class=\"elementor-toggle\">\n\t\t\t\t\t\t\t<div class=\"elementor-toggle-item\">\n\t\t\t\t\t<div id=\"elementor-tab-title-4461\" class=\"elementor-tab-title\" data-tab=\"1\" role=\"button\" aria-controls=\"elementor-tab-content-4461\" aria-expanded=\"false\">\n\t\t\t\t\t\t\t\t\t\t\t\t<span class=\"elementor-toggle-icon elementor-toggle-icon-left\" aria-hidden=\"true\">\n\t\t\t\t\t\t\t\t\t\t\t\t\t\t\t<span class=\"elementor-toggle-icon-closed\"><i class=\"fas fa-plus\"><\/i><\/span>\n\t\t\t\t\t\t\t\t<span class=\"elementor-toggle-icon-opened\"><i class=\"elementor-toggle-icon-opened fas fa-minus\"><\/i><\/span>\n\t\t\t\t\t\t\t\t\t\t\t\t\t<\/span>\n\t\t\t\t\t\t\t\t\t\t\t\t<a class=\"elementor-toggle-title\" tabindex=\"0\">Ce cours de v\u00e9lo de montagne est pour vous si :<\/a>\n\t\t\t\t\t<\/div>\n\n\t\t\t\t\t<div id=\"elementor-tab-content-4461\" class=\"elementor-tab-content elementor-clearfix\" data-tab=\"1\" role=\"region\" aria-labelledby=\"elementor-tab-title-4461\"><ul>\n<li>Vous pouvez rouler avec assurance des sentiers interm\u00e9diaires (carr\u00e9 bleu).<\/li>\n<li>Vous pouvez rouler certains sentiers avanc\u00e9s (diamant noir).<\/li>\n<li>Vous d\u00e9sirez ma\u00eetriser les sentiers interm\u00e9diaires (carr\u00e9 bleu) et progresser vers des sentiers avanc\u00e9s (diamant noir).<\/li>\n<li>Vous avez d\u00e9j\u00e0 fait un cours sur les bases du v\u00e9lo de montagne.<\/li>\n<li>Vous pratiquez le v\u00e9lo de montagne depuis au moins une saison et vous roulez r\u00e9guli\u00e8rement.<\/li>\n<li>Vous sentez que votre progression stagne et d\u00e9sirez vous sentir plus en contr\u00f4le dans un terrain plus technique.<br><\/li>\n<\/ul>\n<p>\nSi vous avez r\u00e9pondu <b>OUI<\/b> \u00e0 la plupart de ces questions ? <b>Ce cours de v\u00e9lo est pour vous.<\/b>  Vous h\u00e9sitez et vous avez des questions, contactez-nous!<\/p><\/div>\n\t\t\t\t<\/div>\n\t\t\t\t\t\t\t<div class=\"elementor-toggle-item\">\n\t\t\t\t\t<div id=\"elementor-tab-title-4462\" class=\"elementor-tab-title\" data-tab=\"2\" role=\"button\" aria-controls=\"elementor-tab-content-4462\" aria-expanded=\"false\">\n\t\t\t\t\t\t\t\t\t\t\t\t<span class=\"elementor-toggle-icon elementor-toggle-icon-left\" aria-hidden=\"true\">\n\t\t\t\t\t\t\t\t\t\t\t\t\t\t\t<span class=\"elementor-toggle-icon-closed\"><i class=\"fas fa-plus\"><\/i><\/span>\n\t\t\t\t\t\t\t\t<span class=\"elementor-toggle-icon-opened\"><i class=\"elementor-toggle-icon-opened fas fa-minus\"><\/i><\/span>\n\t\t\t\t\t\t\t\t\t\t\t\t\t<\/span>\n\t\t\t\t\t\t\t\t\t\t\t\t<a class=\"elementor-toggle-title\" tabindex=\"0\">Description du cours de v\u00e9lo de montagne<\/a>\n\t\t\t\t\t<\/div>\n\n\t\t\t\t\t<div id=\"elementor-tab-content-4462\" class=\"elementor-tab-content elementor-clearfix\" data-tab=\"2\" role=\"region\" aria-labelledby=\"elementor-tab-title-4462\"><p>Ce cours de v\u00e9lo de montagne vous permettra de poursuivre votre progression vers la ma\u00eetrise de sentiers plus techniques. Nous mettons ici beaucoup d\u2019emphase sur la stabilit\u00e9 par une position forte et l\u2019amplitude de mouvement pour acqu\u00e9rir une souplesse de pilotage. Quoi de plus agr\u00e9able que rider un sentier pentu et technique avec flow et stabilit\u00e9? Ces techniques vous aideront \u00e0 progresser et ma\u00eetriser des sentiers de calibre interm\u00e9diaire, vers certains sentiers de cat\u00e9gorie noir.<\/p>\n<p><strong>Format de le\u00e7on :<\/strong>  Cours de v\u00e9lo de calibre interm\u00e9diaire en petits groupes. Nous mettons l\u2019accent sur le millage et sur la pratique guid\u00e9e. <b>Termin\u00e9 les grands expos\u00e9s th\u00e9oriques, on ride!<\/b><\/p>\n<p><strong>Entra\u00eeneur :<\/strong>  Votre entra\u00eeneur sera certifi\u00e9 niveau I ou II pmbia.org  et secourisme 20h ou 40h en r\u00e9gion \u00e9loign\u00e9e.<\/p>\n<p><strong>Terrain:<\/strong>  Le Parc des Sommets de Bromont, secteur montagne de Bromont au P7 regorgent de sentiers techniques pour tous les niveaux. &nbsp;Les pistes les plus accessibles sont la Bob Perdue, la Farfadet et l&#8217;Humus. &nbsp;Ces sentiers signature sont pris\u00e9s de tous les riders de Bromont et comportent quelques d\u00e9fis, notamment des virages plongeants et des secteurs plus pentus avec roches et racines. &nbsp;C&#8217;est une excellente opportunit\u00e9 d&#8217;apprentissage qui vous permettra de progresser vers des sentiers de plus en plus techniques.<\/p><\/div>\n\t\t\t\t<\/div>\n\t\t\t\t\t\t\t\t<\/div>\n\t\t\t\t\t\t<\/div>\n\t\t\t\t<\/div>\n\t\t\t\t\t<\/div>\n\t\t<\/div>\n\t\t\t\t\t<\/div>\n\t\t<\/section>\n\t\t\t\t<section class=\"elementor-section elementor-top-section elementor-element elementor-element-377017b elementor-section-boxed elementor-section-height-default elementor-section-height-default\" data-id=\"377017b\" data-element_type=\"section\">\n\t\t\t\t\t\t<div class=\"elementor-container elementor-column-gap-default\">\n\t\t\t\t\t<div class=\"elementor-column elementor-col-100 elementor-top-column elementor-element elementor-element-ecf616c\" data-id=\"ecf616c\" data-element_type=\"column\">\n\t\t\t<div class=\"elementor-widget-wrap elementor-element-populated\">\n\t\t\t\t\t\t<div class=\"elementor-element elementor-element-1b9a215 elementor-widget elementor-widget-heading\" data-id=\"1b9a215\" data-element_type=\"widget\" data-widget_type=\"heading.default\">\n\t\t\t\t<div class=\"elementor-widget-container\">\n\t\t\t\t\t<h2 class=\"elementor-heading-title elementor-size-default\">Cours de v\u00e9lo de montagne enduro interm\u00e9diaire<\/h2>\t\t\t\t<\/div>\n\t\t\t\t<\/div>\n\t\t\t\t<div class=\"elementor-element elementor-element-7413335 elementor-widget elementor-widget-text-editor\" data-id=\"7413335\" data-element_type=\"widget\" data-widget_type=\"text-editor.default\">\n\t\t\t\t<div class=\"elementor-widget-container\">\n\t\t\t\t\t\t\t\t\t<li><strong>Niveau :  <\/strong>Enduro interm\u00e9diaire<\/li>\n<li><strong>Horaire fin de semaine <\/strong>9:30 &#8211; 12:00<\/li>\n<li><strong>Horaire soir de semaine <\/strong>18:00 &#8211; 19:45 <\/li>\n<li><strong>Lieu : <\/strong>Stationnement P7 - Parc des Sommets de Bromont<\/li>\n<li><strong>Point de rencontre : <\/strong>Au kiosque d'information et cartes des sentiers<\/li>\n<li><b>Votre entra\u00eeneur :<\/b> Les entra\u00eeneurs portent le jersey noir Bikeskills Coach<\/li>\t\t\t\t\t\t\t\t<\/div>\n\t\t\t\t<\/div>\n\t\t\t\t<div class=\"elementor-element elementor-element-2625f1a4 elementor-widget elementor-widget-heading\" data-id=\"2625f1a4\" data-element_type=\"widget\" data-widget_type=\"heading.default\">\n\t\t\t\t<div class=\"elementor-widget-container\">\n\t\t\t\t\t<h4 class=\"elementor-heading-title elementor-size-default\">Droits d'acc\u00e8s aux sentiers non-inclus\n<p><\/p><p>\nV\u00e9los non-inclus<span style=\"letter-spacing: 0px\"><\/span><\/p><\/h4>\t\t\t\t<\/div>\n\t\t\t\t<\/div>\n\t\t\t\t\t<\/div>\n\t\t<\/div>\n\t\t\t\t\t<\/div>\n\t\t<\/section>\n\t\t\t\t<section class=\"elementor-section elementor-top-section elementor-element elementor-element-59cdc8f7 elementor-section-boxed elementor-section-height-default elementor-section-height-default\" data-id=\"59cdc8f7\" data-element_type=\"section\">\n\t\t\t\t\t\t<div class=\"elementor-container elementor-column-gap-default\">\n\t\t\t\t\t<div class=\"elementor-column elementor-col-100 elementor-top-column elementor-element elementor-element-41827b0\" data-id=\"41827b0\" data-element_type=\"column\">\n\t\t\t<div class=\"elementor-widget-wrap elementor-element-populated\">\n\t\t\t\t\t\t<div class=\"elementor-element elementor-element-4c09bf2b elementor-align-center elementor-widget elementor-widget-button\" data-id=\"4c09bf2b\" data-element_type=\"widget\" data-widget_type=\"button.default\">\n\t\t\t\t<div class=\"elementor-widget-container\">\n\t\t\t\t\t\t\t\t\t<div class=\"elementor-button-wrapper\">\n\t\t\t\t\t<a class=\"elementor-button elementor-button-link elementor-size-sm elementor-animation-pulse\" href=\"https:\/\/bikeskills.ca\/fr\/cliniques\/\">\n\t\t\t\t\t\t<span class=\"elementor-button-content-wrapper\">\n\t\t\t\t\t\t\t\t\t<span class=\"elementor-button-text\">Descriptions de tous les cours de Bikeskills<\/span>\n\t\t\t\t\t<\/span>\n\t\t\t\t\t<\/a>\n\t\t\t\t<\/div>\n\t\t\t\t\t\t\t\t<\/div>\n\t\t\t\t<\/div>\n\t\t\t\t<div class=\"elementor-element elementor-element-1436285 elementor-widget elementor-widget-toggle\" data-id=\"1436285\" data-element_type=\"widget\" data-widget_type=\"toggle.default\">\n\t\t\t\t<div class=\"elementor-widget-container\">\n\t\t\t\t\t\t\t<div class=\"elementor-toggle\">\n\t\t\t\t\t\t\t<div class=\"elementor-toggle-item\">\n\t\t\t\t\t<div id=\"elementor-tab-title-2111\" class=\"elementor-tab-title\" data-tab=\"1\" role=\"button\" aria-controls=\"elementor-tab-content-2111\" aria-expanded=\"false\">\n\t\t\t\t\t\t\t\t\t\t\t\t<span class=\"elementor-toggle-icon elementor-toggle-icon-left\" aria-hidden=\"true\">\n\t\t\t\t\t\t\t\t\t\t\t\t\t\t\t<span class=\"elementor-toggle-icon-closed\"><i class=\"fas fa-plus\"><\/i><\/span>\n\t\t\t\t\t\t\t\t<span class=\"elementor-toggle-icon-opened\"><i class=\"elementor-toggle-icon-opened fas fa-minus\"><\/i><\/span>\n\t\t\t\t\t\t\t\t\t\t\t\t\t<\/span>\n\t\t\t\t\t\t\t\t\t\t\t\t<a class=\"elementor-toggle-title\" tabindex=\"0\">Politiques de Bikeskills<\/a>\n\t\t\t\t\t<\/div>\n\n\t\t\t\t\t<div id=\"elementor-tab-content-2111\" class=\"elementor-tab-content elementor-clearfix\" data-tab=\"1\" role=\"region\" aria-labelledby=\"elementor-tab-title-2111\"><li><b>Minimum de 3 participants pour le cours de v\u00e9lo de montagne<br><\/b><\/li>\n<li>Bikeskills se r\u00e9serve le droit de reporter une clinique \u00e0 une date ult\u00e9rieure si le nombre minimal de participants n'est pas atteint.<\/li>\n<li>Aucun remboursement, sauf pour exception majeure, \u00e0 la discr\u00e9tion de Bikeskills.\n<\/li>\n<li>Les cours de v\u00e9lo et \u00e9v\u00e8nements Bikeskills ne sont pas annul\u00e9s en cas de pluie.\n<\/li>\n<li>Un \u00e9v\u00e8nement peut \u00eatre report\u00e9 si le site de pratique est ferm\u00e9 afin de pr\u00e9server l'\u00e9tat des sentiers..\n<\/li>\n<li>Bikeskills n\u2019est pas responsable de l\u2019arr\u00eat ou de la fermeture d\u2019une remont\u00e9e m\u00e9canique ou gondole, ou de la fermeture de sentiers. Une alternative sera propos\u00e9e au client, pouvant n\u00e9cessiter un d\u00e9placement.\n<\/li><\/div>\n\t\t\t\t<\/div>\n\t\t\t\t\t\t\t\t<\/div>\n\t\t\t\t\t\t<\/div>\n\t\t\t\t<\/div>\n\t\t\t\t<div class=\"elementor-element elementor-element-790f8053 elementor-widget elementor-widget-toggle\" data-id=\"790f8053\" data-element_type=\"widget\" data-widget_type=\"toggle.default\">\n\t\t\t\t<div class=\"elementor-widget-container\">\n\t\t\t\t\t\t\t<div class=\"elementor-toggle\">\n\t\t\t\t\t\t\t<div class=\"elementor-toggle-item\">\n\t\t\t\t\t<div id=\"elementor-tab-title-2031\" class=\"elementor-tab-title\" data-tab=\"1\" role=\"button\" aria-controls=\"elementor-tab-content-2031\" aria-expanded=\"false\">\n\t\t\t\t\t\t\t\t\t\t\t\t<span class=\"elementor-toggle-icon elementor-toggle-icon-left\" aria-hidden=\"true\">\n\t\t\t\t\t\t\t\t\t\t\t\t\t\t\t<span class=\"elementor-toggle-icon-closed\"><i class=\"fas fa-plus\"><\/i><\/span>\n\t\t\t\t\t\t\t\t<span class=\"elementor-toggle-icon-opened\"><i class=\"elementor-toggle-icon-opened fas fa-minus\"><\/i><\/span>\n\t\t\t\t\t\t\t\t\t\t\t\t\t<\/span>\n\t\t\t\t\t\t\t\t\t\t\t\t<a class=\"elementor-toggle-title\" tabindex=\"0\">Quoi apporter ?<\/a>\n\t\t\t\t\t<\/div>\n\n\t\t\t\t\t<div id=\"elementor-tab-content-2031\" class=\"elementor-tab-content elementor-clearfix\" data-tab=\"1\" role=\"region\" aria-labelledby=\"elementor-tab-title-2031\"><li><b>Protections pour les genoux obligatoires (pour tous)<\/b><\/li>\n<li>Gants longs et protections pour les coudes fortement recommand\u00e9s<\/li>\n<li>Casque sp\u00e9cifique au v\u00e9lo de montagne<\/li>\n<li>V\u00eatements sports adapt\u00e9s aux conditions m\u00e9t\u00e9o<\/li>\n<li>Hydratation (bouteille de v\u00e9lo) et nutrition (barres)<\/li>\n<li>Souliers \u00e0 semelles plates (type Vans) ou souliers de v\u00e9lo de montagne<\/li>\n<li>P\u00e9dales plateformes (flat) avec crampons en m\u00e9tal ou p\u00e9dales automatiques (clip) de v\u00e9lo de montagne<\/li>\n<li>Veuillez \u00e9viter les p\u00e9dales en plastique, les p\u00e9dales double usage ou les p\u00e9dales \/ souliers minimalistes de cross-country.&nbsp;<\/li><\/div>\n\t\t\t\t<\/div>\n\t\t\t\t\t\t\t\t<\/div>\n\t\t\t\t\t\t<\/div>\n\t\t\t\t<\/div>\n\t\t\t\t<div class=\"elementor-element elementor-element-4e743183 elementor-widget elementor-widget-toggle\" data-id=\"4e743183\" data-element_type=\"widget\" data-widget_type=\"toggle.default\">\n\t\t\t\t<div class=\"elementor-widget-container\">\n\t\t\t\t\t\t\t<div class=\"elementor-toggle\">\n\t\t\t\t\t\t\t<div class=\"elementor-toggle-item\">\n\t\t\t\t\t<div id=\"elementor-tab-title-1311\" class=\"elementor-tab-title\" data-tab=\"1\" role=\"button\" aria-controls=\"elementor-tab-content-1311\" aria-expanded=\"false\">\n\t\t\t\t\t\t\t\t\t\t\t\t<span class=\"elementor-toggle-icon elementor-toggle-icon-left\" aria-hidden=\"true\">\n\t\t\t\t\t\t\t\t\t\t\t\t\t\t\t<span class=\"elementor-toggle-icon-closed\"><i class=\"fas fa-plus\"><\/i><\/span>\n\t\t\t\t\t\t\t\t<span class=\"elementor-toggle-icon-opened\"><i class=\"elementor-toggle-icon-opened fas fa-minus\"><\/i><\/span>\n\t\t\t\t\t\t\t\t\t\t\t\t\t<\/span>\n\t\t\t\t\t\t\t\t\t\t\t\t<a class=\"elementor-toggle-title\" tabindex=\"0\">Comment planifier votre journ\u00e9e<\/a>\n\t\t\t\t\t<\/div>\n\n\t\t\t\t\t<div id=\"elementor-tab-content-1311\" class=\"elementor-tab-content elementor-clearfix\" data-tab=\"1\" role=\"region\" aria-labelledby=\"elementor-tab-title-1311\"><ul><p>Afin de se prot\u00e9ger des \u00e9raflures et blessures mineures, Bikeskills vous recommande de TOUJOURS porter une protection pour les genoux. Les gants, lunettes de protection et protections pour les coudes sont \u00e9galement recommand\u00e9s. Un casque sp\u00e9cifique au v\u00e9lo de montagne est requis, plusieurs options de casques int\u00e9gr\u00e9s l\u00e9gers existent . Le casque int\u00e9gral (full face) et protecteur frontal et dorsal pour les cours avanc\u00e9s et\/ou en remont\u00e9e m\u00e9canique est \u00e9galement fortement recommand\u00e9.<\/p>\n<p><\/p>\n<p>\nComme le cours se d\u00e9roulera \u00e0 l\u2019ext\u00e9rieur et que nous n\u2019avons pas acc\u00e8s \u00e0 des installations int\u00e9rieures, il est recommand\u00e9 de prendre connaissance des pr\u00e9visions m\u00e9t\u00e9orologiques et de s\u2019habiller en cons\u00e9quence. La m\u00e9t\u00e9o en montagne peut changer rapidement, pensez \u00e0 une approche multi-couche, un coupe-vent peut s'av\u00e9rer une option efficace.  Il est recommand\u00e9 \u00e0 chaque membre du groupe d\u2019apporter des collations et de l\u2019eau afin d\u2019avoir suffisamment d\u2019\u00e9nergie pour bien profiter du cours.<\/p><\/div>\n\t\t\t\t<\/div>\n\t\t\t\t\t\t\t\t<\/div>\n\t\t\t\t\t\t<\/div>\n\t\t\t\t<\/div>\n\t\t\t\t<div class=\"elementor-element elementor-element-671b9258 elementor-widget elementor-widget-toggle\" data-id=\"671b9258\" data-element_type=\"widget\" data-widget_type=\"toggle.default\">\n\t\t\t\t<div class=\"elementor-widget-container\">\n\t\t\t\t\t\t\t<div class=\"elementor-toggle\">\n\t\t\t\t\t\t\t<div class=\"elementor-toggle-item\">\n\t\t\t\t\t<div id=\"elementor-tab-title-1721\" class=\"elementor-tab-title\" data-tab=\"1\" role=\"button\" aria-controls=\"elementor-tab-content-1721\" aria-expanded=\"false\">\n\t\t\t\t\t\t\t\t\t\t\t\t<span class=\"elementor-toggle-icon elementor-toggle-icon-left\" aria-hidden=\"true\">\n\t\t\t\t\t\t\t\t\t\t\t\t\t\t\t<span class=\"elementor-toggle-icon-closed\"><i class=\"fas fa-plus\"><\/i><\/span>\n\t\t\t\t\t\t\t\t<span class=\"elementor-toggle-icon-opened\"><i class=\"elementor-toggle-icon-opened fas fa-minus\"><\/i><\/span>\n\t\t\t\t\t\t\t\t\t\t\t\t\t<\/span>\n\t\t\t\t\t\t\t\t\t\t\t\t<a class=\"elementor-toggle-title\" tabindex=\"0\">Mise en garde aux participants<\/a>\n\t\t\t\t\t<\/div>\n\n\t\t\t\t\t<div id=\"elementor-tab-content-1721\" class=\"elementor-tab-content elementor-clearfix\" data-tab=\"1\" role=\"region\" aria-labelledby=\"elementor-tab-title-1721\"><ul><p>Comme nous d\u00e9sirons vous pr\u00e9parer \u00e0 l\u2019avance pour une belle exp\u00e9rience, voici les notes concernant la pratique s\u00e9curitaire du v\u00e9lo de montagne<\/p>\n\n<li>Communiquez vos appr\u00e9hensions, vos blessures ant\u00e9rieures et vos limitations physiques \u00e0 l\u2019entra\u00eeneur.<\/li>\n<li>N\u2019exc\u00e9dez par vos limites physiques et techniques.<\/li>\n<li>Toutes les difficult\u00e9s et les modules comme les cassures (drops) et sauts sont optionnels en tout temps. \u00a0Nous pouvons toujours diminuer les exigences physiques et techniques de la le\u00e7on.<\/li>\n<li>Selon l\u2019objectif du cours et l'\u00e9tat des participants, des d\u00e9fis seront incorpor\u00e9s en progression du terrain simple au complexe.<\/li>\n<li>Avant de s\u2019engager dans une section technique, le participant devra d\u00e9montrer un niveau de ma\u00eetrise minimal sur un terrain plat ou sur un sentier de difficult\u00e9 technique moindre.<\/li><li>Pour toute activit\u00e9 de groupe, votre entra\u00eeneur adaptera la le\u00e7on pour r\u00e9pondre aux besoins de tous les participants. Nous nous effor\u00e7ons d'avoir des participants de niveau similaire dans nos cours de groupe, mais la r\u00e9alit\u00e9 est que ce n'est pas toujours possible car la description d'un niveau d'habilet\u00e9 physique ou technique est toujours subjective. Nous pouvons toujours proposer des d\u00e9fis suppl\u00e9mentaires aux pilotes avanc\u00e9s sur des terrains plus simples, tout en garantissant une exp\u00e9rience s\u00e9curitaire aux moins exp\u00e9riment\u00e9s.  Nos entra\u00eeneurs sont des experts dans cet exercice d'\u00e9quilibre.<\/li>\n<li>Pour un d\u00e9fi technique, nous arr\u00eatons, nous analysons, nous marchons la section,  ensuite nous nous engageons\u2026 ou pas!<\/li>\n<\/ul>\n<h5><center><strong>PRE-RIDE \/ RIDE \/ FREERIDE !<\/strong><\/center><\/h5><\/div>\n\t\t\t\t<\/div>\n\t\t\t\t\t\t\t\t<\/div>\n\t\t\t\t\t\t<\/div>\n\t\t\t\t<\/div>\n\t\t\t\t<div class=\"elementor-element elementor-element-37d14176 elementor-widget elementor-widget-toggle\" data-id=\"37d14176\" data-element_type=\"widget\" data-widget_type=\"toggle.default\">\n\t\t\t\t<div class=\"elementor-widget-container\">\n\t\t\t\t\t\t\t<div class=\"elementor-toggle\">\n\t\t\t\t\t\t\t<div class=\"elementor-toggle-item\">\n\t\t\t\t\t<div id=\"elementor-tab-title-9361\" class=\"elementor-tab-title\" data-tab=\"1\" role=\"button\" aria-controls=\"elementor-tab-content-9361\" aria-expanded=\"false\">\n\t\t\t\t\t\t\t\t\t\t\t\t<span class=\"elementor-toggle-icon elementor-toggle-icon-left\" aria-hidden=\"true\">\n\t\t\t\t\t\t\t\t\t\t\t\t\t\t\t<span class=\"elementor-toggle-icon-closed\"><i class=\"fas fa-plus\"><\/i><\/span>\n\t\t\t\t\t\t\t\t<span class=\"elementor-toggle-icon-opened\"><i class=\"elementor-toggle-icon-opened fas fa-minus\"><\/i><\/span>\n\t\t\t\t\t\t\t\t\t\t\t\t\t<\/span>\n\t\t\t\t\t\t\t\t\t\t\t\t<a class=\"elementor-toggle-title\" tabindex=\"0\">Horaire type du cours de v\u00e9lo de montagne<\/a>\n\t\t\t\t\t<\/div>\n\n\t\t\t\t\t<div id=\"elementor-tab-content-9361\" class=\"elementor-tab-content elementor-clearfix\" data-tab=\"1\" role=\"region\" aria-labelledby=\"elementor-tab-title-9361\"><p><center><span style=\"color: #233540;\"><strong>Horaire type d'une journ\u00e9e compl\u00e8te de coaching<\/strong><\/span><\/center><\/h3>\n<p><strong>9:30<\/strong>&nbsp; Bienvenue - Introduction - V\u00e9rification de l'\u00e9quipement et des accessoires<br><strong>9:45<\/strong>&nbsp; Apprentissage des habilet\u00e9s techniques<br><strong>10:30<\/strong>&nbsp; Pratique des habilet\u00e9s techniques et sortie guid\u00e9e.<br><strong>12:30<\/strong>&nbsp; Lunch traiteur<br><strong>13:15<\/strong>&nbsp; Sortie guid\u00e9e et application terrain des habilet\u00e9s<br><strong>15:00<\/strong>&nbsp; Challenge d'habilet\u00e9 et prix de pr\u00e9sence<br><strong>16:00<\/strong>&nbsp; Apr\u00e8s-bike<br><strong>17:00<\/strong>&nbsp; Fin du cours de v\u00e9lo<br><\/p>\n<p><center><span style=\"color: #233540;\"><strong>Horaire type d'un cours de demi-journ\u00e9e en fin de semaine<\/strong><\/span><\/center><\/h3>\n<p><\/p>\n<p><strong>9:30<\/strong>&nbsp; Bienvenue - Introduction - V\u00e9rification de l'\u00e9quipement et des accessoires<br><strong>9:45<\/strong>&nbsp; Apprentissage des habilet\u00e9s techniques<br><strong>10:30<\/strong>&nbsp; Pratique des habilet\u00e9s techniques et sortie guid\u00e9e.<br><strong>12:00<\/strong>&nbsp; Fin du cours de v\u00e9lo<br><\/p>\n<p><center><span style=\"color: #233540;\"><strong>Horaire type d'une soir\u00e9e de coaching en semaine<\/strong><\/span><\/center><\/h3>\n<p><strong>18:00<\/strong>&nbsp; Bienvenue - Introduction - V\u00e9rification de l'\u00e9quipement et des accessoires<br><strong>18:15<\/strong>&nbsp; Apprentissage des habilet\u00e9s techniques<br><strong>19:00<\/strong>&nbsp; Pratique des habilet\u00e9s techniques et sortie guid\u00e9e.<br><strong>19:45<\/strong>&nbsp; Fin du cours de v\u00e9lo<\/p>\n\n<\/div>\n\t\t\t\t<\/div>\n\t\t\t\t\t\t\t\t<\/div>\n\t\t\t\t\t\t<\/div>\n\t\t\t\t<\/div>\n\t\t\t\t<div class=\"elementor-element elementor-element-72503a27 elementor-widget elementor-widget-heading\" data-id=\"72503a27\" data-element_type=\"widget\" data-widget_type=\"heading.default\">\n\t\t\t\t<div class=\"elementor-widget-container\">\n\t\t\t\t\t<h2 class=\"elementor-heading-title elementor-size-default\">Votre satisfaction est notre priorit\u00e9<\/h2>\t\t\t\t<\/div>\n\t\t\t\t<\/div>\n\t\t\t\t<div class=\"elementor-element elementor-element-6842e344 elementor-widget elementor-widget-text-editor\" data-id=\"6842e344\" data-element_type=\"widget\" data-widget_type=\"text-editor.default\">\n\t\t\t\t<div class=\"elementor-widget-container\">\n\t\t\t\t\t\t\t\t\tVous \u00eates satisfait de votre le\u00e7on? Vous avez eu un service 5 \u00e9toiles? Voici comment vous pouvez aider notre petite entreprise \u00e0 grandir! Si ce n\u2019est pas 4 \u00e9toiles et plus, veuillez remplir le document de satisfaction pour que l\u2019on puisse adresser la situation \u00e0 l\u2019interne.\t\t\t\t\t\t\t\t<\/div>\n\t\t\t\t<\/div>\n\t\t\t\t<div class=\"elementor-element elementor-element-28b9fba4 elementor-widget elementor-widget-text-editor\" data-id=\"28b9fba4\" data-element_type=\"widget\" data-widget_type=\"text-editor.default\">\n\t\t\t\t<div class=\"elementor-widget-container\">\n\t\t\t\t\t\t\t\t\t<a href=\"https:\/\/g.page\/r\/CVKZLdgYTPfBEAg\/review\" target=\"_blank\" rel=\"noopener noreferrer\">Avis Google<\/a><br>\n\n<a href=\"https:\/\/www.facebook.com\/bikeskills.ca\/reviews\/\" target=\"_blank\" rel=\"noopener noreferrer\">Avis Facebook<\/a><br>\n\n<a href=\"https:\/\/bikeskills.ca\/fr\/satisfaction\/\" target=\"_blank\" rel=\"noopener noreferrer\">Formulaire de satisfaction Bikeskills<\/a>\t\t\t\t\t\t\t\t<\/div>\n\t\t\t\t<\/div>\n\t\t\t\t<div class=\"elementor-element elementor-element-65959bca elementor-align-center elementor-widget elementor-widget-button\" data-id=\"65959bca\" data-element_type=\"widget\" data-widget_type=\"button.default\">\n\t\t\t\t<div class=\"elementor-widget-container\">\n\t\t\t\t\t\t\t\t\t<div class=\"elementor-button-wrapper\">\n\t\t\t\t\t<a class=\"elementor-button elementor-button-link elementor-size-sm elementor-animation-pulse-grow\" href=\"https:\/\/bikeskills.ca\/fr\/se-preparer\/\">\n\t\t\t\t\t\t<span class=\"elementor-button-content-wrapper\">\n\t\t\t\t\t\t\t\t\t<span class=\"elementor-button-text\">Questions fr\u00e9quentes<\/span>\n\t\t\t\t\t<\/span>\n\t\t\t\t\t<\/a>\n\t\t\t\t<\/div>\n\t\t\t\t\t\t\t\t<\/div>\n\t\t\t\t<\/div>\n\t\t\t\t\t<\/div>\n\t\t<\/div>\n\t\t\t\t\t<\/div>\n\t\t<\/section>\n\t\t\t\t<section class=\"elementor-section elementor-top-section elementor-element elementor-element-6f202940 elementor-section-content-middle elementor-section-full_width elementor-section-height-min-height animated-slow elementor-section-height-default elementor-section-items-middle elementor-invisible\" data-id=\"6f202940\" data-element_type=\"section\" data-settings=\"{&quot;background_background&quot;:&quot;classic&quot;,&quot;animation&quot;:&quot;fadeIn&quot;}\">\n\t\t\t\t\t\t\t<div class=\"elementor-background-overlay\"><\/div>\n\t\t\t\t\t\t\t<div class=\"elementor-container elementor-column-gap-no\">\n\t\t\t\t\t<div class=\"elementor-column elementor-col-100 elementor-top-column elementor-element elementor-element-484556a7\" data-id=\"484556a7\" data-element_type=\"column\">\n\t\t\t<div class=\"elementor-widget-wrap elementor-element-populated\">\n\t\t\t\t\t\t<div class=\"elementor-element elementor-element-25bf3674 elementor-widget elementor-widget-heading\" data-id=\"25bf3674\" data-element_type=\"widget\" data-widget_type=\"heading.default\">\n\t\t\t\t<div class=\"elementor-widget-container\">\n\t\t\t\t\t<h2 class=\"elementor-heading-title elementor-size-default\">Restons en contact<\/h2>\t\t\t\t<\/div>\n\t\t\t\t<\/div>\n\t\t\t\t<div class=\"elementor-element elementor-element-253d511e elementor-shape-square elementor-grid-mobile-1 e-grid-align-mobile-center elementor-grid-0 e-grid-align-center elementor-widget elementor-widget-social-icons\" data-id=\"253d511e\" data-element_type=\"widget\" data-settings=\"{&quot;motion_fx_motion_fx_scrolling&quot;:&quot;yes&quot;,&quot;motion_fx_devices&quot;:[&quot;widescreen&quot;,&quot;desktop&quot;,&quot;laptop&quot;,&quot;tablet_extra&quot;,&quot;tablet&quot;,&quot;mobile_extra&quot;,&quot;mobile&quot;]}\" data-widget_type=\"social-icons.default\">\n\t\t\t\t<div class=\"elementor-widget-container\">\n\t\t\t\t\t\t\t<div class=\"elementor-social-icons-wrapper elementor-grid\">\n\t\t\t\t\t\t\t<span class=\"elementor-grid-item\">\n\t\t\t\t\t<a class=\"elementor-icon elementor-social-icon elementor-social-icon-facebook-f elementor-animation-grow-rotate elementor-repeater-item-ae6302a\" href=\"https:\/\/www.facebook.com\/bikeskills.ca\/\" target=\"_blank\">\n\t\t\t\t\t\t<span class=\"elementor-screen-only\">Facebook-f<\/span>\n\t\t\t\t\t\t<i class=\"fab fa-facebook-f\"><\/i>\t\t\t\t\t<\/a>\n\t\t\t\t<\/span>\n\t\t\t\t\t\t\t<span class=\"elementor-grid-item\">\n\t\t\t\t\t<a class=\"elementor-icon elementor-social-icon elementor-social-icon-instagram elementor-animation-grow-rotate elementor-repeater-item-631f213\" href=\"https:\/\/www.instagram.com\/bikeskills.ca\/\" target=\"_blank\">\n\t\t\t\t\t\t<span class=\"elementor-screen-only\">Instagram<\/span>\n\t\t\t\t\t\t<i class=\"fab fa-instagram\"><\/i>\t\t\t\t\t<\/a>\n\t\t\t\t<\/span>\n\t\t\t\t\t\t\t<span class=\"elementor-grid-item\">\n\t\t\t\t\t<a class=\"elementor-icon elementor-social-icon elementor-social-icon-youtube elementor-animation-grow-rotate elementor-repeater-item-ed00e74\" href=\"https:\/\/www.youtube.com\/@bikeskills.academy\" target=\"_blank\">\n\t\t\t\t\t\t<span class=\"elementor-screen-only\">Youtube<\/span>\n\t\t\t\t\t\t<i class=\"fab fa-youtube\"><\/i>\t\t\t\t\t<\/a>\n\t\t\t\t<\/span>\n\t\t\t\t\t<\/div>\n\t\t\t\t\t\t<\/div>\n\t\t\t\t<\/div>\n\t\t\t\t\t<\/div>\n\t\t<\/div>\n\t\t\t\t\t<\/div>\n\t\t<\/section>\n\t\t\t\t<\/div>","protected":false},"author":1,"featured_media":20227,"comment_status":"open","ping_status":"closed","template":"","meta":{"_links_to":"","_links_to_target":""},"listing_category":[],"event_category":[],"service_category":[],"rental_category":[332],"classifieds_category":[],"listing_feature":[],"region":[253],"yoast_head":"<!-- This site is optimized with the Yoast SEO plugin v24.2 - https:\/\/yoast.com\/wordpress\/plugins\/seo\/ -->\n<title>\u00c9cole de v\u00e9lo Bikeskills - 2025 - Bromont - Montagne de Bromont (P7) - Cours de v\u00e9lo de montagne Interm\u00e9diaire enduro<\/title>\n<meta name=\"description\" content=\"Cours de v\u00e9lo de montagne au Parc des Sommets - Mont Oak - \u00e0 Bromont. Ce cours s&#039;adresse \u00e0 une client\u00e8le initiation et d\u00e9butante. L&#039;\u00e9cole de v\u00e9lo Bikeskills se veut inclusive et accessible pour tous!\" \/>\n<meta name=\"robots\" content=\"index, follow, max-snippet:-1, max-image-preview:large, max-video-preview:-1\" \/>\n<link rel=\"canonical\" href=\"https:\/\/bikeskills.ca\/fr\/listing\/2025-bromont-montagne-de-bromont-p7-cours-de-velo-de-montagne-intermediaire-enduro\/\" \/>\n<meta property=\"og:locale\" content=\"fr_CA\" \/>\n<meta property=\"og:type\" content=\"article\" \/>\n<meta property=\"og:title\" content=\"\u00c9cole de v\u00e9lo Bikeskills - 2025 - Bromont - Montagne de Bromont (P7) - Cours de v\u00e9lo de montagne Interm\u00e9diaire enduro\" \/>\n<meta property=\"og:description\" content=\"Cours de v\u00e9lo de montagne au Parc des Sommets - Mont Oak - \u00e0 Bromont. Ce cours s&#039;adresse \u00e0 une client\u00e8le initiation et d\u00e9butante. L&#039;\u00e9cole de v\u00e9lo Bikeskills se veut inclusive et accessible pour tous!\" \/>\n<meta property=\"og:url\" content=\"https:\/\/bikeskills.ca\/fr\/listing\/2025-bromont-montagne-de-bromont-p7-cours-de-velo-de-montagne-intermediaire-enduro\/\" \/>\n<meta property=\"og:site_name\" content=\"\u00c9cole de v\u00e9lo Bikeskills\" \/>\n<meta property=\"article:publisher\" content=\"https:\/\/www.facebook.com\/Bikeskillsca-2194275320683514\/\" \/>\n<meta property=\"article:modified_time\" content=\"2025-01-28T19:20:38+00:00\" \/>\n<meta property=\"og:image\" content=\"https:\/\/bikeskills.ca\/wp-content\/uploads\/2023\/12\/32-1.png\" \/>\n\t<meta property=\"og:image:width\" content=\"625\" \/>\n\t<meta property=\"og:image:height\" content=\"625\" \/>\n\t<meta property=\"og:image:type\" content=\"image\/png\" \/>\n<meta name=\"twitter:card\" content=\"summary_large_image\" \/>\n<meta name=\"twitter:label1\" content=\"Estimation du temps de lecture\" \/>\n\t<meta name=\"twitter:data1\" content=\"5 minutes\" \/>\n<script type=\"application\/ld+json\" class=\"yoast-schema-graph\">{\"@context\":\"https:\/\/schema.org\",\"@graph\":[{\"@type\":\"WebPage\",\"@id\":\"https:\/\/bikeskills.ca\/en\/listing\/2025-bromont-montagne-de-bromont-p7-cours-de-velo-de-montagne-intermediaire-enduro\/\",\"url\":\"https:\/\/bikeskills.ca\/en\/listing\/2025-bromont-montagne-de-bromont-p7-cours-de-velo-de-montagne-intermediaire-enduro\/\",\"name\":\"\u00c9cole de v\u00e9lo Bikeskills - 2025 - Bromont - Montagne de Bromont (P7) - Cours de v\u00e9lo de montagne Interm\u00e9diaire enduro\",\"isPartOf\":{\"@id\":\"https:\/\/bikeskills.ca\/en\/#website\"},\"primaryImageOfPage\":{\"@id\":\"https:\/\/bikeskills.ca\/en\/listing\/2025-bromont-montagne-de-bromont-p7-cours-de-velo-de-montagne-intermediaire-enduro\/#primaryimage\"},\"image\":{\"@id\":\"https:\/\/bikeskills.ca\/en\/listing\/2025-bromont-montagne-de-bromont-p7-cours-de-velo-de-montagne-intermediaire-enduro\/#primaryimage\"},\"thumbnailUrl\":\"https:\/\/bikeskills.ca\/wp-content\/uploads\/2023\/12\/32-1.png\",\"datePublished\":\"2024-12-26T16:35:57+00:00\",\"dateModified\":\"2025-01-28T19:20:38+00:00\",\"description\":\"Cours de v\u00e9lo de montagne au Parc des Sommets - Mont Oak - \u00e0 Bromont. Ce cours s'adresse \u00e0 une client\u00e8le initiation et d\u00e9butante. L'\u00e9cole de v\u00e9lo Bikeskills se veut inclusive et accessible pour tous!\",\"breadcrumb\":{\"@id\":\"https:\/\/bikeskills.ca\/en\/listing\/2025-bromont-montagne-de-bromont-p7-cours-de-velo-de-montagne-intermediaire-enduro\/#breadcrumb\"},\"inLanguage\":\"fr-CA\",\"potentialAction\":[{\"@type\":\"ReadAction\",\"target\":[\"https:\/\/bikeskills.ca\/en\/listing\/2025-bromont-montagne-de-bromont-p7-cours-de-velo-de-montagne-intermediaire-enduro\/\"]}]},{\"@type\":\"ImageObject\",\"inLanguage\":\"fr-CA\",\"@id\":\"https:\/\/bikeskills.ca\/en\/listing\/2025-bromont-montagne-de-bromont-p7-cours-de-velo-de-montagne-intermediaire-enduro\/#primaryimage\",\"url\":\"https:\/\/bikeskills.ca\/wp-content\/uploads\/2023\/12\/32-1.png\",\"contentUrl\":\"https:\/\/bikeskills.ca\/wp-content\/uploads\/2023\/12\/32-1.png\",\"width\":625,\"height\":625,\"caption\":\"Logo beige sur bleu repr\u00e9sentant la marque du Parc des sommets \u00e0 Bromont\"},{\"@type\":\"BreadcrumbList\",\"@id\":\"https:\/\/bikeskills.ca\/en\/listing\/2025-bromont-montagne-de-bromont-p7-cours-de-velo-de-montagne-intermediaire-enduro\/#breadcrumb\",\"itemListElement\":[{\"@type\":\"ListItem\",\"position\":1,\"name\":\"Home\",\"item\":\"https:\/\/bikeskills.ca\/en\/\"},{\"@type\":\"ListItem\",\"position\":2,\"name\":\"Listings\",\"item\":\"https:\/\/bikeskills.ca\/en\/listings\/\"},{\"@type\":\"ListItem\",\"position\":3,\"name\":\"2025 &#8211; Bromont &#8211; Montagne de Bromont (P7) &#8211; Cours de v\u00e9lo de montagne Interm\u00e9diaire enduro\"}]},{\"@type\":\"WebSite\",\"@id\":\"https:\/\/bikeskills.ca\/en\/#website\",\"url\":\"https:\/\/bikeskills.ca\/en\/\",\"name\":\"\u00c9cole de v\u00e9lo Bikeskills\",\"description\":\"\u00c9cole de v\u00e9lo de montagne - Cours de v\u00e9lo de montagne - \u00c9v\u00e8nements priv\u00e9s et corporatifs - Partout au Qu\u00e9bec\",\"publisher\":{\"@id\":\"https:\/\/bikeskills.ca\/en\/#organization\"},\"potentialAction\":[{\"@type\":\"SearchAction\",\"target\":{\"@type\":\"EntryPoint\",\"urlTemplate\":\"https:\/\/bikeskills.ca\/en\/?s={search_term_string}\"},\"query-input\":{\"@type\":\"PropertyValueSpecification\",\"valueRequired\":true,\"valueName\":\"search_term_string\"}}],\"inLanguage\":\"fr-CA\"},{\"@type\":\"Organization\",\"@id\":\"https:\/\/bikeskills.ca\/en\/#organization\",\"name\":\"\u00c9cole de v\u00e9lo Bikeskills\",\"url\":\"https:\/\/bikeskills.ca\/en\/\",\"logo\":{\"@type\":\"ImageObject\",\"inLanguage\":\"fr-CA\",\"@id\":\"https:\/\/bikeskills.ca\/en\/#\/schema\/logo\/image\/\",\"url\":\"https:\/\/bikeskills.ca\/wp-content\/uploads\/2019\/08\/Screen-Shot-2019-08-12-at-6.11.svg\",\"contentUrl\":\"https:\/\/bikeskills.ca\/wp-content\/uploads\/2019\/08\/Screen-Shot-2019-08-12-at-6.11.svg\",\"width\":309,\"height\":83,\"caption\":\"\u00c9cole de v\u00e9lo Bikeskills\"},\"image\":{\"@id\":\"https:\/\/bikeskills.ca\/en\/#\/schema\/logo\/image\/\"},\"sameAs\":[\"https:\/\/www.facebook.com\/Bikeskillsca-2194275320683514\/\",\"https:\/\/www.instagram.com\/bikeskills.ca\/?hl=fr\"]}]}<\/script>\n<!-- \/ Yoast SEO plugin. -->","yoast_head_json":{"title":"\u00c9cole de v\u00e9lo Bikeskills - 2025 - Bromont - Montagne de Bromont (P7) - Cours de v\u00e9lo de montagne Interm\u00e9diaire enduro","description":"Cours de v\u00e9lo de montagne au Parc des Sommets - Mont Oak - \u00e0 Bromont. Ce cours s'adresse \u00e0 une client\u00e8le initiation et d\u00e9butante. L'\u00e9cole de v\u00e9lo Bikeskills se veut inclusive et accessible pour tous!","robots":{"index":"index","follow":"follow","max-snippet":"max-snippet:-1","max-image-preview":"max-image-preview:large","max-video-preview":"max-video-preview:-1"},"canonical":"https:\/\/bikeskills.ca\/fr\/listing\/2025-bromont-montagne-de-bromont-p7-cours-de-velo-de-montagne-intermediaire-enduro\/","og_locale":"fr_CA","og_type":"article","og_title":"\u00c9cole de v\u00e9lo Bikeskills - 2025 - Bromont - Montagne de Bromont (P7) - Cours de v\u00e9lo de montagne Interm\u00e9diaire enduro","og_description":"Cours de v\u00e9lo de montagne au Parc des Sommets - Mont Oak - \u00e0 Bromont. Ce cours s'adresse \u00e0 une client\u00e8le initiation et d\u00e9butante. L'\u00e9cole de v\u00e9lo Bikeskills se veut inclusive et accessible pour tous!","og_url":"https:\/\/bikeskills.ca\/fr\/listing\/2025-bromont-montagne-de-bromont-p7-cours-de-velo-de-montagne-intermediaire-enduro\/","og_site_name":"\u00c9cole de v\u00e9lo Bikeskills","article_publisher":"https:\/\/www.facebook.com\/Bikeskillsca-2194275320683514\/","article_modified_time":"2025-01-28T19:20:38+00:00","og_image":[{"width":625,"height":625,"url":"https:\/\/bikeskills.ca\/wp-content\/uploads\/2023\/12\/32-1.png","type":"image\/png"}],"twitter_card":"summary_large_image","twitter_misc":{"Estimation du temps de lecture":"5 minutes"},"schema":{"@context":"https:\/\/schema.org","@graph":[{"@type":"WebPage","@id":"https:\/\/bikeskills.ca\/en\/listing\/2025-bromont-montagne-de-bromont-p7-cours-de-velo-de-montagne-intermediaire-enduro\/","url":"https:\/\/bikeskills.ca\/en\/listing\/2025-bromont-montagne-de-bromont-p7-cours-de-velo-de-montagne-intermediaire-enduro\/","name":"\u00c9cole de v\u00e9lo Bikeskills - 2025 - Bromont - Montagne de Bromont (P7) - Cours de v\u00e9lo de montagne Interm\u00e9diaire enduro","isPartOf":{"@id":"https:\/\/bikeskills.ca\/en\/#website"},"primaryImageOfPage":{"@id":"https:\/\/bikeskills.ca\/en\/listing\/2025-bromont-montagne-de-bromont-p7-cours-de-velo-de-montagne-intermediaire-enduro\/#primaryimage"},"image":{"@id":"https:\/\/bikeskills.ca\/en\/listing\/2025-bromont-montagne-de-bromont-p7-cours-de-velo-de-montagne-intermediaire-enduro\/#primaryimage"},"thumbnailUrl":"https:\/\/bikeskills.ca\/wp-content\/uploads\/2023\/12\/32-1.png","datePublished":"2024-12-26T16:35:57+00:00","dateModified":"2025-01-28T19:20:38+00:00","description":"Cours de v\u00e9lo de montagne au Parc des Sommets - Mont Oak - \u00e0 Bromont. Ce cours s'adresse \u00e0 une client\u00e8le initiation et d\u00e9butante. L'\u00e9cole de v\u00e9lo Bikeskills se veut inclusive et accessible pour tous!","breadcrumb":{"@id":"https:\/\/bikeskills.ca\/en\/listing\/2025-bromont-montagne-de-bromont-p7-cours-de-velo-de-montagne-intermediaire-enduro\/#breadcrumb"},"inLanguage":"fr-CA","potentialAction":[{"@type":"ReadAction","target":["https:\/\/bikeskills.ca\/en\/listing\/2025-bromont-montagne-de-bromont-p7-cours-de-velo-de-montagne-intermediaire-enduro\/"]}]},{"@type":"ImageObject","inLanguage":"fr-CA","@id":"https:\/\/bikeskills.ca\/en\/listing\/2025-bromont-montagne-de-bromont-p7-cours-de-velo-de-montagne-intermediaire-enduro\/#primaryimage","url":"https:\/\/bikeskills.ca\/wp-content\/uploads\/2023\/12\/32-1.png","contentUrl":"https:\/\/bikeskills.ca\/wp-content\/uploads\/2023\/12\/32-1.png","width":625,"height":625,"caption":"Logo beige sur bleu repr\u00e9sentant la marque du Parc des sommets \u00e0 Bromont"},{"@type":"BreadcrumbList","@id":"https:\/\/bikeskills.ca\/en\/listing\/2025-bromont-montagne-de-bromont-p7-cours-de-velo-de-montagne-intermediaire-enduro\/#breadcrumb","itemListElement":[{"@type":"ListItem","position":1,"name":"Home","item":"https:\/\/bikeskills.ca\/en\/"},{"@type":"ListItem","position":2,"name":"Listings","item":"https:\/\/bikeskills.ca\/en\/listings\/"},{"@type":"ListItem","position":3,"name":"2025 &#8211; Bromont &#8211; Montagne de Bromont (P7) &#8211; Cours de v\u00e9lo de montagne Interm\u00e9diaire enduro"}]},{"@type":"WebSite","@id":"https:\/\/bikeskills.ca\/en\/#website","url":"https:\/\/bikeskills.ca\/en\/","name":"\u00c9cole de v\u00e9lo Bikeskills","description":"\u00c9cole de v\u00e9lo de montagne - Cours de v\u00e9lo de montagne - \u00c9v\u00e8nements priv\u00e9s et corporatifs - Partout au Qu\u00e9bec","publisher":{"@id":"https:\/\/bikeskills.ca\/en\/#organization"},"potentialAction":[{"@type":"SearchAction","target":{"@type":"EntryPoint","urlTemplate":"https:\/\/bikeskills.ca\/en\/?s={search_term_string}"},"query-input":{"@type":"PropertyValueSpecification","valueRequired":true,"valueName":"search_term_string"}}],"inLanguage":"fr-CA"},{"@type":"Organization","@id":"https:\/\/bikeskills.ca\/en\/#organization","name":"\u00c9cole de v\u00e9lo Bikeskills","url":"https:\/\/bikeskills.ca\/en\/","logo":{"@type":"ImageObject","inLanguage":"fr-CA","@id":"https:\/\/bikeskills.ca\/en\/#\/schema\/logo\/image\/","url":"https:\/\/bikeskills.ca\/wp-content\/uploads\/2019\/08\/Screen-Shot-2019-08-12-at-6.11.svg","contentUrl":"https:\/\/bikeskills.ca\/wp-content\/uploads\/2019\/08\/Screen-Shot-2019-08-12-at-6.11.svg","width":309,"height":83,"caption":"\u00c9cole de v\u00e9lo Bikeskills"},"image":{"@id":"https:\/\/bikeskills.ca\/en\/#\/schema\/logo\/image\/"},"sameAs":["https:\/\/www.facebook.com\/Bikeskillsca-2194275320683514\/","https:\/\/www.instagram.com\/bikeskills.ca\/?hl=fr"]}]}},"_links":{"self":[{"href":"https:\/\/bikeskills.ca\/fr\/wp-json\/wp\/v2\/listing\/27188"}],"collection":[{"href":"https:\/\/bikeskills.ca\/fr\/wp-json\/wp\/v2\/listing"}],"about":[{"href":"https:\/\/bikeskills.ca\/fr\/wp-json\/wp\/v2\/types\/listing"}],"author":[{"embeddable":true,"href":"https:\/\/bikeskills.ca\/fr\/wp-json\/wp\/v2\/users\/1"}],"replies":[{"embeddable":true,"href":"https:\/\/bikeskills.ca\/fr\/wp-json\/wp\/v2\/comments?post=27188"}],"version-history":[{"count":0,"href":"https:\/\/bikeskills.ca\/fr\/wp-json\/wp\/v2\/listing\/27188\/revisions"}],"wp:featuredmedia":[{"embeddable":true,"href":"https:\/\/bikeskills.ca\/fr\/wp-json\/wp\/v2\/media\/20227"}],"wp:attachment":[{"href":"https:\/\/bikeskills.ca\/fr\/wp-json\/wp\/v2\/media?parent=27188"}],"wp:term":[{"taxonomy":"listing_category","embeddable":true,"href":"https:\/\/bikeskills.ca\/fr\/wp-json\/wp\/v2\/listing_category?post=27188"},{"taxonomy":"event_category","embeddable":true,"href":"https:\/\/bikeskills.ca\/fr\/wp-json\/wp\/v2\/event_category?post=27188"},{"taxonomy":"service_category","embeddable":true,"href":"https:\/\/bikeskills.ca\/fr\/wp-json\/wp\/v2\/service_category?post=27188"},{"taxonomy":"rental_category","embeddable":true,"href":"https:\/\/bikeskills.ca\/fr\/wp-json\/wp\/v2\/rental_category?post=27188"},{"taxonomy":"classifieds_category","embeddable":true,"href":"https:\/\/bikeskills.ca\/fr\/wp-json\/wp\/v2\/classifieds_category?post=27188"},{"taxonomy":"listing_feature","embeddable":true,"href":"https:\/\/bikeskills.ca\/fr\/wp-json\/wp\/v2\/listing_feature?post=27188"},{"taxonomy":"region","embeddable":true,"href":"https:\/\/bikeskills.ca\/fr\/wp-json\/wp\/v2\/region?post=27188"}],"curies":[{"name":"wp","href":"https:\/\/api.w.org\/{rel}","templated":true}]}}